{"id":9859,"date":"2025-07-07T20:20:36","date_gmt":"2025-07-07T18:20:36","guid":{"rendered":"https:\/\/www.primanedacademy.com\/opleiding\/oracle-primavera-p6-eppm-gestion-funcional-de-la-aplicacion\/"},"modified":"2026-04-02T10:54:10","modified_gmt":"2026-04-02T08:54:10","slug":"oracle-primavera-p6-eppm-gestion-funcional-de-la-aplicacion","status":"publish","type":"opleiding","link":"https:\/\/www.primanedacademy.com\/es\/opleiding\/oracle-primavera-p6-eppm-gestion-funcional-de-la-aplicacion\/","title":{"rendered":"Oracle Primavera P6 EPPM \u2013 Administrador Funcional de la Aplicaci\u00f3n"},"content":{"rendered":"<p>Primavera P6 es una aplicaci\u00f3n muy amplia y, a menudo, cr\u00edtica para el negocio. Los administradores funcionales de Primavera P6 suelen encargarse de configurar el software para que se adapte al entorno operativo de la organizaci\u00f3n durante la implementaci\u00f3n.<\/p>\n<p>Este m\u00f3dulo ha sido dise\u00f1ado para que aprendas c\u00f3mo se pueden crear estructuras de negocio y de proyecto. Aprender\u00e1s todas las habilidades necesarias para sacar el m\u00e1ximo partido al software desde el rol de Administrador Funcional.<\/p>\n<p>Esta formaci\u00f3n est\u00e1 disponible tanto en modalidad remota como presencial. Indica tu preferencia en el formulario de inscripci\u00f3n. Consulta tambi\u00e9n el plan de formaci\u00f3n remota.<\/p>\n","protected":false},"featured_media":9832,"template":"","class_list":["post-9859","opleiding","type-opleiding","status-publish","has-post-thumbnail","hentry"],"acf":[],"yoast_head":"<!-- This site is optimized with the Yoast SEO plugin v27.5 - https:\/\/yoast.com\/product\/yoast-seo-wordpress\/ -->\n<title>Oracle Primavera P6 EPPM \u2013 Administrador Funcional de la Aplicaci\u00f3n - Primaned Academy<\/title>\n<meta name=\"description\" content=\"Este m\u00f3dulo ha sido desarrollado para ense\u00f1ar c\u00f3mo configurar estructuras empresariales y de proyecto, y c\u00f3mo sacar el m\u00e1ximo partido a la funcionalidad del software como administrador funcional.\" \/>\n<meta name=\"robots\" content=\"index, follow, max-snippet:-1, max-image-preview:large, max-video-preview:-1\" \/>\n<link rel=\"canonical\" href=\"https:\/\/www.primanedacademy.com\/es\/opleiding\/oracle-primavera-p6-eppm-gestion-funcional-de-la-aplicacion\/\" \/>\n<meta property=\"og:locale\" content=\"es_ES\" \/>\n<meta property=\"og:type\" content=\"article\" \/>\n<meta property=\"og:title\" content=\"Oracle Primavera P6 EPPM \u2013 Administrador Funcional de la Aplicaci\u00f3n - Primaned Academy\" \/>\n<meta property=\"og:description\" content=\"Este m\u00f3dulo ha sido desarrollado para ense\u00f1ar c\u00f3mo configurar estructuras empresariales y de proyecto, y c\u00f3mo sacar el m\u00e1ximo partido a la funcionalidad del software como administrador funcional.\" \/>\n<meta property=\"og:url\" content=\"https:\/\/www.primanedacademy.com\/es\/opleiding\/oracle-primavera-p6-eppm-gestion-funcional-de-la-aplicacion\/\" \/>\n<meta property=\"og:site_name\" content=\"Primaned Academy\" \/>\n<meta property=\"article:modified_time\" content=\"2026-04-02T08:54:10+00:00\" \/>\n<meta property=\"og:image\" content=\"https:\/\/www.primanedacademy.com\/wp-content\/uploads\/Primaned_Academy_foto_cover_2.jpg\" \/>\n\t<meta property=\"og:image:width\" content=\"1920\" \/>\n\t<meta property=\"og:image:height\" content=\"755\" \/>\n\t<meta property=\"og:image:type\" content=\"image\/jpeg\" \/>\n<meta name=\"twitter:card\" content=\"summary_large_image\" \/>\n<meta name=\"twitter:label1\" content=\"Tiempo de lectura\" \/>\n\t<meta name=\"twitter:data1\" content=\"2 minutos\" \/>\n<script type=\"application\/ld+json\" class=\"yoast-schema-graph\">{\"@context\":\"https:\\\/\\\/schema.org\",\"@graph\":[{\"@type\":\"WebPage\",\"@id\":\"https:\\\/\\\/www.primanedacademy.com\\\/es\\\/opleiding\\\/oracle-primavera-p6-eppm-gestion-funcional-de-la-aplicacion\\\/\",\"url\":\"https:\\\/\\\/www.primanedacademy.com\\\/es\\\/opleiding\\\/oracle-primavera-p6-eppm-gestion-funcional-de-la-aplicacion\\\/\",\"name\":\"Oracle Primavera P6 EPPM \u2013 Administrador Funcional de la Aplicaci\u00f3n - Primaned Academy\",\"isPartOf\":{\"@id\":\"https:\\\/\\\/www.primanedacademy.com\\\/#website\"},\"primaryImageOfPage\":{\"@id\":\"https:\\\/\\\/www.primanedacademy.com\\\/es\\\/opleiding\\\/oracle-primavera-p6-eppm-gestion-funcional-de-la-aplicacion\\\/#primaryimage\"},\"image\":{\"@id\":\"https:\\\/\\\/www.primanedacademy.com\\\/es\\\/opleiding\\\/oracle-primavera-p6-eppm-gestion-funcional-de-la-aplicacion\\\/#primaryimage\"},\"thumbnailUrl\":\"https:\\\/\\\/www.primanedacademy.com\\\/wp-content\\\/uploads\\\/Primaned_Academy_foto_cover_2.jpg\",\"datePublished\":\"2025-07-07T18:20:36+00:00\",\"dateModified\":\"2026-04-02T08:54:10+00:00\",\"description\":\"Este m\u00f3dulo ha sido desarrollado para ense\u00f1ar c\u00f3mo configurar estructuras empresariales y de proyecto, y c\u00f3mo sacar el m\u00e1ximo partido a la funcionalidad del software como administrador funcional.\",\"breadcrumb\":{\"@id\":\"https:\\\/\\\/www.primanedacademy.com\\\/es\\\/opleiding\\\/oracle-primavera-p6-eppm-gestion-funcional-de-la-aplicacion\\\/#breadcrumb\"},\"inLanguage\":\"es\",\"potentialAction\":[{\"@type\":\"ReadAction\",\"target\":[\"https:\\\/\\\/www.primanedacademy.com\\\/es\\\/opleiding\\\/oracle-primavera-p6-eppm-gestion-funcional-de-la-aplicacion\\\/\"]}]},{\"@type\":\"ImageObject\",\"inLanguage\":\"es\",\"@id\":\"https:\\\/\\\/www.primanedacademy.com\\\/es\\\/opleiding\\\/oracle-primavera-p6-eppm-gestion-funcional-de-la-aplicacion\\\/#primaryimage\",\"url\":\"https:\\\/\\\/www.primanedacademy.com\\\/wp-content\\\/uploads\\\/Primaned_Academy_foto_cover_2.jpg\",\"contentUrl\":\"https:\\\/\\\/www.primanedacademy.com\\\/wp-content\\\/uploads\\\/Primaned_Academy_foto_cover_2.jpg\",\"width\":1920,\"height\":755},{\"@type\":\"BreadcrumbList\",\"@id\":\"https:\\\/\\\/www.primanedacademy.com\\\/es\\\/opleiding\\\/oracle-primavera-p6-eppm-gestion-funcional-de-la-aplicacion\\\/#breadcrumb\",\"itemListElement\":[{\"@type\":\"ListItem\",\"position\":1,\"name\":\"Home\",\"item\":\"https:\\\/\\\/www.primanedacademy.com\\\/es\\\/\"},{\"@type\":\"ListItem\",\"position\":2,\"name\":\"Opleidingen\",\"item\":\"https:\\\/\\\/www.primanedacademy.com\\\/opleiding\\\/\"},{\"@type\":\"ListItem\",\"position\":3,\"name\":\"Oracle Primavera P6 EPPM \u2013 Administrador Funcional de la Aplicaci\u00f3n\"}]},{\"@type\":\"WebSite\",\"@id\":\"https:\\\/\\\/www.primanedacademy.com\\\/#website\",\"url\":\"https:\\\/\\\/www.primanedacademy.com\\\/\",\"name\":\"Primaned Academy\",\"description\":\"Opleidingen in Projectbeheersing \\\/ Project Controls\",\"potentialAction\":[{\"@type\":\"SearchAction\",\"target\":{\"@type\":\"EntryPoint\",\"urlTemplate\":\"https:\\\/\\\/www.primanedacademy.com\\\/?s={search_term_string}\"},\"query-input\":{\"@type\":\"PropertyValueSpecification\",\"valueRequired\":true,\"valueName\":\"search_term_string\"}}],\"inLanguage\":\"es\"}]}<\/script>\n<!-- \/ Yoast SEO plugin. -->","yoast_head_json":{"title":"Oracle Primavera P6 EPPM \u2013 Administrador Funcional de la Aplicaci\u00f3n - Primaned Academy","description":"Este m\u00f3dulo ha sido desarrollado para ense\u00f1ar c\u00f3mo configurar estructuras empresariales y de proyecto, y c\u00f3mo sacar el m\u00e1ximo partido a la funcionalidad del software como administrador funcional.","robots":{"index":"index","follow":"follow","max-snippet":"max-snippet:-1","max-image-preview":"max-image-preview:large","max-video-preview":"max-video-preview:-1"},"canonical":"https:\/\/www.primanedacademy.com\/es\/opleiding\/oracle-primavera-p6-eppm-gestion-funcional-de-la-aplicacion\/","og_locale":"es_ES","og_type":"article","og_title":"Oracle Primavera P6 EPPM \u2013 Administrador Funcional de la Aplicaci\u00f3n - Primaned Academy","og_description":"Este m\u00f3dulo ha sido desarrollado para ense\u00f1ar c\u00f3mo configurar estructuras empresariales y de proyecto, y c\u00f3mo sacar el m\u00e1ximo partido a la funcionalidad del software como administrador funcional.","og_url":"https:\/\/www.primanedacademy.com\/es\/opleiding\/oracle-primavera-p6-eppm-gestion-funcional-de-la-aplicacion\/","og_site_name":"Primaned Academy","article_modified_time":"2026-04-02T08:54:10+00:00","og_image":[{"width":1920,"height":755,"url":"https:\/\/www.primanedacademy.com\/wp-content\/uploads\/Primaned_Academy_foto_cover_2.jpg","type":"image\/jpeg"}],"twitter_card":"summary_large_image","twitter_misc":{"Tiempo de lectura":"2 minutos"},"schema":{"@context":"https:\/\/schema.org","@graph":[{"@type":"WebPage","@id":"https:\/\/www.primanedacademy.com\/es\/opleiding\/oracle-primavera-p6-eppm-gestion-funcional-de-la-aplicacion\/","url":"https:\/\/www.primanedacademy.com\/es\/opleiding\/oracle-primavera-p6-eppm-gestion-funcional-de-la-aplicacion\/","name":"Oracle Primavera P6 EPPM \u2013 Administrador Funcional de la Aplicaci\u00f3n - Primaned Academy","isPartOf":{"@id":"https:\/\/www.primanedacademy.com\/#website"},"primaryImageOfPage":{"@id":"https:\/\/www.primanedacademy.com\/es\/opleiding\/oracle-primavera-p6-eppm-gestion-funcional-de-la-aplicacion\/#primaryimage"},"image":{"@id":"https:\/\/www.primanedacademy.com\/es\/opleiding\/oracle-primavera-p6-eppm-gestion-funcional-de-la-aplicacion\/#primaryimage"},"thumbnailUrl":"https:\/\/www.primanedacademy.com\/wp-content\/uploads\/Primaned_Academy_foto_cover_2.jpg","datePublished":"2025-07-07T18:20:36+00:00","dateModified":"2026-04-02T08:54:10+00:00","description":"Este m\u00f3dulo ha sido desarrollado para ense\u00f1ar c\u00f3mo configurar estructuras empresariales y de proyecto, y c\u00f3mo sacar el m\u00e1ximo partido a la funcionalidad del software como administrador funcional.","breadcrumb":{"@id":"https:\/\/www.primanedacademy.com\/es\/opleiding\/oracle-primavera-p6-eppm-gestion-funcional-de-la-aplicacion\/#breadcrumb"},"inLanguage":"es","potentialAction":[{"@type":"ReadAction","target":["https:\/\/www.primanedacademy.com\/es\/opleiding\/oracle-primavera-p6-eppm-gestion-funcional-de-la-aplicacion\/"]}]},{"@type":"ImageObject","inLanguage":"es","@id":"https:\/\/www.primanedacademy.com\/es\/opleiding\/oracle-primavera-p6-eppm-gestion-funcional-de-la-aplicacion\/#primaryimage","url":"https:\/\/www.primanedacademy.com\/wp-content\/uploads\/Primaned_Academy_foto_cover_2.jpg","contentUrl":"https:\/\/www.primanedacademy.com\/wp-content\/uploads\/Primaned_Academy_foto_cover_2.jpg","width":1920,"height":755},{"@type":"BreadcrumbList","@id":"https:\/\/www.primanedacademy.com\/es\/opleiding\/oracle-primavera-p6-eppm-gestion-funcional-de-la-aplicacion\/#breadcrumb","itemListElement":[{"@type":"ListItem","position":1,"name":"Home","item":"https:\/\/www.primanedacademy.com\/es\/"},{"@type":"ListItem","position":2,"name":"Opleidingen","item":"https:\/\/www.primanedacademy.com\/opleiding\/"},{"@type":"ListItem","position":3,"name":"Oracle Primavera P6 EPPM \u2013 Administrador Funcional de la Aplicaci\u00f3n"}]},{"@type":"WebSite","@id":"https:\/\/www.primanedacademy.com\/#website","url":"https:\/\/www.primanedacademy.com\/","name":"Primaned Academy","description":"Opleidingen in Projectbeheersing \/ Project Controls","potentialAction":[{"@type":"SearchAction","target":{"@type":"EntryPoint","urlTemplate":"https:\/\/www.primanedacademy.com\/?s={search_term_string}"},"query-input":{"@type":"PropertyValueSpecification","valueRequired":true,"valueName":"search_term_string"}}],"inLanguage":"es"}]}},"_links":{"self":[{"href":"https:\/\/www.primanedacademy.com\/es\/wp-json\/wp\/v2\/opleiding\/9859","targetHints":{"allow":["GET"]}}],"collection":[{"href":"https:\/\/www.primanedacademy.com\/es\/wp-json\/wp\/v2\/opleiding"}],"about":[{"href":"https:\/\/www.primanedacademy.com\/es\/wp-json\/wp\/v2\/types\/opleiding"}],"version-history":[{"count":4,"href":"https:\/\/www.primanedacademy.com\/es\/wp-json\/wp\/v2\/opleiding\/9859\/revisions"}],"predecessor-version":[{"id":10418,"href":"https:\/\/www.primanedacademy.com\/es\/wp-json\/wp\/v2\/opleiding\/9859\/revisions\/10418"}],"wp:featuredmedia":[{"embeddable":true,"href":"https:\/\/www.primanedacademy.com\/es\/wp-json\/wp\/v2\/media\/9832"}],"wp:attachment":[{"href":"https:\/\/www.primanedacademy.com\/es\/wp-json\/wp\/v2\/media?parent=9859"}],"curies":[{"name":"wp","href":"https:\/\/api.w.org\/{rel}","templated":true}]}}